{"id":2666,"date":"2025-11-10T17:40:24","date_gmt":"2025-11-10T16:40:24","guid":{"rendered":"https:\/\/orgatte.geek-tonic.dev\/campingplatz-am-meer-notre-dame-de-monts\/"},"modified":"2026-07-30T10:30:07","modified_gmt":"2026-07-30T08:30:07","slug":"campingplatz-am-meer-notre-dame-de-monts","status":"publish","type":"page","link":"https:\/\/orgatte.geek-tonic.dev\/de\/campingplatz-am-meer-notre-dame-de-monts\/","title":{"rendered":"Am Meer"},"content":{"rendered":"\n<div class=\"wp-block-group group-title-banner has-global-padding is-layout-constrained wp-block-group-is-layout-constrained\">\n<p class=\"card-loc wp-block-paragraph\">das Gl\u00fcck<\/p>\n\n\n\n<p class=\"title wp-block-paragraph\">vom Meer<\/p>\n<\/div>\n\n<div class=\"wp-block-group section-1 three-slides has-global-padding is-layout-constrained wp-container-core-group-is-layout-cb879c7c wp-block-group-is-layout-constrained\" style=\"padding-top:4rem;padding-right:10rem;padding-bottom:0rem;padding-left:10rem\">\n<div class=\"wp-block-group content has-global-padding is-layout-constrained wp-container-core-group-is-layout-8a16f700 wp-block-group-is-layout-constrained\" style=\"padding-right:10rem;padding-left:10rem\">\n<h1 class=\"wp-block-heading has-text-align-center has-custom-color-2-color has-text-color has-link-color wp-elements-1\"><strong>Campingplatz am Meer<\/strong> <br\/>in Notre-Dame-de-Monts<\/h1>\n\n\n\n<p class=\"wp-block-paragraph\" style=\"padding-right:0rem;padding-left:0rem\">Lust auf einen Urlaub mit den F\u00fc\u00dfen im Sand? Der <a href=\"https:\/\/orgatte.geek-tonic.dev\/de\/\">Campingplatz L&#8217;Orgatte in der Vend\u00e9e<\/a> liegt <strong>nur 400 Meter vom Strand von La Braie<\/strong> entfernt. Hier ist der Atlantik fast zum Greifen nah. Jeden Morgen vermischt sich das Rauschen der Wellen mit dem Rascheln des Windes in den Kiefern \u2026 und der Strand wartet nur auf Sie. Ein Campingplatz direkt am Meer in Notre-Dame-de-Monts, wie man ihn sich ertr\u00e4umt: <strong>naturbelassen<\/strong>, <strong>friedlich<\/strong> und <strong>ideal gelegen<\/strong>.    <\/p>\n<\/div>\n\n\n\n<div class=\"wp-block-group slider-img has-global-padding is-layout-constrained wp-container-core-group-is-layout-7f865aeb wp-block-group-is-layout-constrained\" style=\"margin-top:0px;margin-bottom:0px;padding-top:12rem;padding-bottom:6rem\">\n<figure class=\"wp-block-image size-large is-resized arrow-prev-slider\"><img loading=\"lazy\" decoding=\"async\" width=\"36\" height=\"36\" src=\"https:\/\/orgatte.geek-tonic.dev\/wp-content\/uploads\/2026\/05\/fleche-vers-la-gauche.svg\" alt=\"Pfeil nach links\" class=\"wp-image-1801\" style=\"object-fit:contain;width:40px;height:40px\"\/><\/figure>\n\n\n\n<figure class=\"wp-block-image size-large is-resized arrow-next-slider\"><img loading=\"lazy\" decoding=\"async\" width=\"36\" height=\"36\" src=\"https:\/\/orgatte.geek-tonic.dev\/wp-content\/uploads\/2026\/05\/fleche-vers-la-gauche.svg\" alt=\"Pfeil nach links\" class=\"wp-image-1801\" style=\"object-fit:contain;width:40px;height:40px\"\/><\/figure>\n\n\n\n<div data-swiper=\"{&quot;speed&quot;:400,&quot;spaceBetween&quot;:0,&quot;slidesPerView&quot;:3,&quot;createElements&quot;:true,&quot;loop&quot;:true,&quot;freemode&quot;:true,&quot;navigation&quot;:{&quot;nextEl&quot;:&quot;.arrow-next-slider&quot;,&quot;prevEl&quot;:&quot;.arrow-prev-slider&quot;},&quot;pagination&quot;:{&quot;el&quot;:&quot;.swiper-pagination&quot;,&quot;dynamicBullets&quot;:true},&quot;breakpoints&quot;:{&quot;0&quot;:{&quot;slidesPerView&quot;:1},&quot;768&quot;:{&quot;slidesPerView&quot;:3},&quot;1024&quot;:{&quot;slidesPerView&quot;:3}},&quot;autoplay&quot;:{&quot;delay&quot;:5000}}\" class=\"wp-block-group gt-is-slider gt-is-slider-desktop has-global-padding is-layout-constrained wp-container-core-group-is-layout-6b3b7742 wp-block-group-is-layout-constrained\">\n<figure class=\"wp-block-image size-full has-custom-border\"><img loading=\"lazy\" decoding=\"async\" width=\"740\" height=\"803\" src=\"https:\/\/orgatte.geek-tonic.dev\/wp-content\/uploads\/2026\/06\/camping-bord-mer-a-notre-dame-de-monts.jpg\" alt=\"Campingplatz am Meer in Notre-Dame-de-Monts\" class=\"wp-image-2263\" style=\"border-radius:10px;object-fit:cover\"\/><\/figure>\n\n\n\n<figure class=\"wp-block-image size-full has-custom-border\" style=\"margin-top:0px;margin-bottom:0px\"><img loading=\"lazy\" decoding=\"async\" width=\"740\" height=\"803\" src=\"https:\/\/orgatte.geek-tonic.dev\/wp-content\/uploads\/2026\/06\/pistes-cyclables-du-littoral.jpg\" alt=\"Radwege entlang der K&#xFC;ste\" class=\"wp-image-2264\" style=\"border-radius:10px\"\/><\/figure>\n\n\n\n<figure class=\"wp-block-image size-full has-custom-border\" style=\"margin-top:0px;margin-bottom:0px\"><img loading=\"lazy\" decoding=\"async\" width=\"740\" height=\"803\" src=\"https:\/\/orgatte.geek-tonic.dev\/wp-content\/uploads\/2026\/06\/pratiquer-la-peche-a-la-plage.jpg\" alt=\"am Strand angeln\" class=\"wp-image-2265\" style=\"border-radius:10px\"\/><\/figure>\n\n\n\n<figure class=\"wp-block-image size-full has-custom-border\" style=\"margin-top:0px;margin-bottom:0px\"><img loading=\"lazy\" decoding=\"async\" width=\"740\" height=\"803\" src=\"https:\/\/orgatte.geek-tonic.dev\/wp-content\/uploads\/2026\/06\/paddle-pour-explorer-le-littoral.jpg\" alt=\"Paddleboard, um die K&#xFC;ste zu erkunden\" class=\"wp-image-2266\" style=\"border-radius:10px\"\/><\/figure>\n<\/div>\n<\/div>\n<\/div>\n\n<div class=\"wp-block-group section-2 has-custom-color-1-background-color has-background has-global-padding is-layout-constrained wp-container-core-group-is-layout-f97a3b74 wp-block-group-is-layout-constrained\" style=\"margin-top:6rem;margin-bottom:0rem;padding-right:0px;padding-bottom:6rem;padding-left:0px;background-image:url(&apos;https:\/\/orgatte.geek-tonic.dev\/wp-content\/uploads\/2026\/05\/Frise.png&apos;);background-position:50% 0;background-size:auto;\">\n<div data-swiper=\"{&quot;speed&quot;:1000,&quot;autoplay&quot;:{&quot;delay&quot;:5000,&quot;disableOnInteraction&quot;:false},&quot;spaceBetween&quot;:0,&quot;slidesPerView&quot;:1,&quot;pagination&quot;:{&quot;el&quot;:&quot;.swiper-pagination&quot;,&quot;dynamicBullets&quot;:true,&quot;clickable&quot;:true,&quot;type&quot;:&quot;bullets&quot;},&quot;navigation&quot;:{&quot;nextEl&quot;:&quot;.swiper-button-next&quot;,&quot;prevEl&quot;:&quot;.swiper-button-prev&quot;},&quot;breakpoints&quot;:[{&quot;slidesPerView&quot;:1}],&quot;effect&quot;:&quot;fade&quot;}\" class=\"wp-block-cover is-light\" style=\"min-height:929px;aspect-ratio:unset;\"><img loading=\"lazy\" decoding=\"async\" width=\"2000\" height=\"975\" class=\"wp-block-cover__image-background wp-image-2267 size-full\" alt=\"couchers de soleil sur l atlantique en vendee\" src=\"https:\/\/orgatte.geek-tonic.dev\/wp-content\/uploads\/2026\/06\/couchers-de-soleil-sur-l-atlantique-en-vendee.jpg\" data-object-fit=\"cover\"\/><span aria-hidden=\"true\" class=\"wp-block-cover__background has-base-2-background-color has-background-dim-0 has-background-dim\"><\/span><div class=\"wp-block-cover__inner-container has-global-padding is-layout-constrained wp-container-core-cover-is-layout-6b3b7742 wp-block-cover-is-layout-constrained\">\n<p class=\"has-text-align-center has-large-font-size wp-block-paragraph\"><\/p>\n<\/div><\/div>\n\n\n\n<div class=\"wp-block-group content has-custom-color-1-background-color has-background has-global-padding is-layout-constrained wp-container-core-group-is-layout-b50635a9 wp-block-group-is-layout-constrained\" style=\"border-style:none;border-width:0px;border-top-left-radius:36px;border-top-right-radius:36px;border-bottom-left-radius:36px;border-bottom-right-radius:36px;margin-top:0px;margin-bottom:0px;padding-top:4rem;padding-right:6rem;padding-bottom:4rem;padding-left:6rem\">\n<h2 class=\"wp-block-heading has-text-align-center has-custom-color-2-color has-text-color has-link-color wp-elements-2\">Sie befinden sich 400 m von <br\/><strong>und dem Strand von La Braie<\/strong> entfernt<\/h2>\n\n\n\n<p class=\"has-base-2-color has-text-color has-link-color wp-elements-3 wp-block-paragraph\">Der <strong>Strand \u201eLa Braie\u201c<\/strong> ist der Hauptstrand des Campingplatzes \u201eL&#8217;Orgatte\u201c. Er ist \u00f6ffentlich und frei zug\u00e4nglich und vom Campingplatz aus in <strong>400 Metern<\/strong> zu Fu\u00df zu erreichen \u2013 das entspricht weniger als 10 Minuten Fu\u00dfweg. Im Juli und August ist der Zugangsweg von 7:00 bis 23:00 Uhr ge\u00f6ffnet, sodass Sie in aller Ruhe die Sonnenunterg\u00e4nge \u00fcber dem Atlantik genie\u00dfen k\u00f6nnen \u2013 ein Spektakel, das Sie auf keinen Fall verpassen sollten.  <\/p>\n\n\n\n<p class=\"has-base-2-color has-text-color has-link-color wp-elements-4 wp-block-paragraph\">Der Strand wird nicht bewacht, doch die n\u00e4chste Rettungsstation befindet sich 15 Gehminuten entfernt am zentralen Strand. Je nach Jahreszeit und Gezeiten kann der Strand <strong>sandig oder kiesig<\/strong> sein \u2013 denken Sie daran, dies zu \u00fcberpr\u00fcfen, bevor Sie Ihre Sandalen auf dem Campingplatz zur\u00fccklassen! <\/p>\n\n\n\n<p class=\"has-base-2-color has-text-color has-link-color wp-elements-5 wp-block-paragraph\">M\u00f6chten Sie Ihr Haustier mitbringen? Hunde sind am Strand von La Braie vom 1. April bis zum 30. September <strong>an der Leine<\/strong> erlaubt. Zwischen 11 und 19 Uhr d\u00fcrfen sie jedoch nicht baden. Au\u00dferhalb dieser Zeiten hei\u00dft es: Viel Spa\u00df beim Planschen!   <\/p>\n<\/div>\n<\/div>\n\n<div class=\"wp-block-group section-simple has-contrast-color has-base-background-color has-text-color has-background has-link-color wp-elements-6 has-global-padding is-layout-constrained wp-container-core-group-is-layout-2f14c0f5 wp-block-group-is-layout-constrained\" style=\"margin-top:0px;margin-bottom:0px;padding-top:6rem;padding-right:10rem;padding-bottom:6rem;padding-left:10rem;background-image:url(&apos;https:\/\/orgatte.geek-tonic.dev\/wp-content\/uploads\/2026\/05\/Frise.png&apos;);background-position:50% 0;background-size:auto;\">\n<div class=\"wp-block-group is-layout-flex has-contrast-color has-text-color has-link-color wp-elements-7 is-horizontal is-content-justification-center is-nowrap wp-container-core-group-is-layout-f32cfb1f wp-block-group-is-layout-flex\" style=\"margin-top:0;margin-bottom:var(--wp--preset--spacing--40)\">\n<div class=\"wp-block-group has-contrast-color has-text-color has-link-color wp-elements-8 wp-container-content-9e2f13cb is-vertical is-layout-flex wp-container-core-group-is-layout-831b2db5 wp-block-group-is-layout-flex\">\n<h2 class=\"wp-block-heading has-text-align-left has-custom-color-1-color has-text-color has-link-color wp-elements-9\" style=\"padding-right:0rem;padding-left:0rem\"><strong>Campingplatz direkt am Meer in der Vend\u00e9e<\/strong>: Durch den Wald zum Strand<\/h2>\n\n\n\n<p class=\"has-contrast-color has-text-color has-link-color wp-elements-10 wp-block-paragraph\" style=\"padding-top:0;padding-right:0rem;padding-bottom:0;padding-left:0rem\">Das ist einer der ganz besonderen Reize des Campingplatzes \u201eL\u2019Orgatte\u201c an der K\u00fcste der Vend\u00e9e: Um zum Strand zu gelangen, durchqueren Sie den <strong>Staatswald \u201ePays de Monts<\/strong>\u201c. Ein schattiger Weg unter Kiefern \u2013 ein erholsamer Spaziergang, bevor Sie das weite Blau des Meeres erreichen. Sowohl im Sommer als auch im Herbst geh\u00f6rt dieser Weg zu Fu\u00df oder mit dem Fahrrad zum Erlebnis dazu.  <\/p>\n\n\n\n<p class=\"has-contrast-color has-text-color has-link-color wp-elements-11 wp-block-paragraph\" style=\"padding-top:0;padding-right:0rem;padding-bottom:0;padding-left:0rem\">Vom Strand von La Braie aus k\u00f6nnen Sie auch <strong>angeln<\/strong> oder Ihre eigene Wassersportausr\u00fcstung mitbringen. Im Juli und August werden am <strong>zentralen Strand<\/strong> Strandsportaktivit\u00e4ten angeboten, und der \u201eClub des Oursins\u201c empf\u00e4ngt Kinder zu betreuten Strandaktivit\u00e4ten. So ist f\u00fcr Gro\u00df und Klein etwas dabei!  <\/p>\n\n\n\n<p class=\"has-contrast-color has-text-color has-link-color wp-elements-12 wp-block-paragraph\" style=\"padding-top:0;padding-right:0rem;padding-bottom:0;padding-left:0rem\">Und wenn Sie entlang der K\u00fcste weitere Orte erkunden m\u00f6chten, f\u00fchren Sie die <strong>Radwege<\/strong> bequem zu den benachbarten Str\u00e4nden und den Badeorten Saint-Jean-de-Monts, La Barre-de-Monts-Fromentine oder auch Saint-Gilles-Croix-de-Vie.<\/p>\n<\/div>\n\n\n\n<figure class=\"wp-block-image size-full has-custom-border\"><img loading=\"lazy\" decoding=\"async\" width=\"942\" height=\"668\" src=\"https:\/\/orgatte.geek-tonic.dev\/wp-content\/uploads\/2026\/06\/camping-en-bord-de-mer-en-vendee-rejoindre-la-plage-par-la-foret.jpg\" alt=\"Campingplatz am Meer in der Vend&#xE9;e &#x2013; der Weg zum Strand f&#xFC;hrt durch den Wald\" class=\"wp-image-2268\" style=\"border-top-left-radius:20px;border-top-right-radius:20px;border-bottom-left-radius:20px;border-bottom-right-radius:20px\"\/><\/figure>\n<\/div>\n<\/div>\n\n<div class=\"wp-block-group section-simple has-custom-color-1-background-color has-background has-global-padding is-layout-constrained wp-container-core-group-is-layout-eef0e4fa wp-block-group-is-layout-constrained\" style=\"margin-top:0px;margin-bottom:6rem;padding-top:6rem;padding-right:10rem;padding-bottom:6rem;padding-left:10rem;background-image:url(&apos;https:\/\/orgatte.geek-tonic.dev\/wp-content\/uploads\/2026\/05\/Frise.png&apos;);background-position:50% 0;background-size:auto;\">\n<div class=\"wp-block-group is-horizontal is-content-justification-center is-nowrap is-layout-flex wp-container-core-group-is-layout-a440227c wp-block-group-is-layout-flex\">\n<figure class=\"wp-block-image size-full has-custom-border\"><img loading=\"lazy\" decoding=\"async\" width=\"942\" height=\"628\" src=\"https:\/\/orgatte.geek-tonic.dev\/wp-content\/uploads\/2026\/06\/le-pole-nautique-sur-la-plage-des-regates.jpg\" alt=\"das Wassersportzentrum am Regattastrand\" class=\"wp-image-2269\" style=\"border-top-left-radius:20px;border-top-right-radius:20px;border-bottom-left-radius:20px;border-bottom-right-radius:20px\"\/><\/figure>\n\n\n\n<div class=\"wp-block-group wp-container-content-9e2f13cb is-vertical is-layout-flex wp-container-core-group-is-layout-831b2db5 wp-block-group-is-layout-flex\">\n<h2 class=\"wp-block-heading has-text-align-left has-base-2-color has-text-color has-link-color wp-elements-13\" style=\"padding-right:0rem;padding-left:0rem\">Das Wassersportzentrum auf <br\/><strong>dem Strand \u201eLes R\u00e9gates\u201c<\/strong><\/h2>\n\n\n\n<p class=\"has-base-2-color has-text-color has-link-color wp-elements-14 wp-block-paragraph\" style=\"padding-top:0;padding-right:0rem;padding-bottom:0;padding-left:0rem\">Nur <strong>10 Gehminuten vom Campingplatz entfernt<\/strong> l\u00e4dt das <strong>Wassersportzentrum von Notre-Dame-de-Monts<\/strong> am Strand \u201ePlage des R\u00e9gates\u201c zu zahlreichen Wassersport- und Freizeitaktivit\u00e4ten ein. Ein absolutes Muss f\u00fcr alle, die den Nervenkitzel und das Salzwasser lieben! <\/p>\n\n\n\n<p class=\"has-base-2-color has-text-color has-link-color wp-elements-15 wp-block-paragraph\" style=\"padding-top:0;padding-right:0rem;padding-bottom:0;padding-left:0rem\">Auf dem Programm:<\/p>\n\n\n\n<ul style=\"padding-left:var(--wp--preset--spacing--30)\" class=\"wp-block-list has-base-2-color has-text-color has-link-color wp-elements-16\">\n<li><strong>Stand-up-Paddling<\/strong> und <strong>Kajakfahren<\/strong>, um die K\u00fcste in Ihrem eigenen Tempo zu erkunden<\/li>\n\n\n\n<li><strong>Kanu<\/strong> f\u00fcr ein sanftes und leicht zug\u00e4ngliches Fahrgef\u00fchl<\/li>\n\n\n\n<li><strong>Windsurfen<\/strong> und <strong>Katamaran<\/strong> f\u00fcr Windliebhaber<\/li>\n\n\n\n<li><strong>Segeln<\/strong>, um das Segeln zu erlernen oder Ihre Segelkenntnisse zu vertiefen<\/li>\n\n\n\n<li><strong>Bootsausfl\u00fcge<\/strong>, um die K\u00fcste vom Meer aus zu erkunden<\/li>\n<\/ul>\n\n\n\n<p class=\"has-base-2-color has-text-color has-link-color wp-elements-17 wp-block-paragraph\" style=\"padding-top:0;padding-right:0rem;padding-bottom:0;padding-left:0rem\">Ganz gleich, ob Sie Anf\u00e4nger oder erfahrener Sportler sind \u2013 das Wassersportzentrum bietet Aktivit\u00e4ten f\u00fcr jedes Niveau und jedes Alter. Ein Tag voller Wassersport in der Vend\u00e9e l\u00e4sst sich ganz einfach vom Campingplatz aus organisieren und sorgt f\u00fcr unvergessliche Erlebnisse. <\/p>\n<\/div>\n<\/div>\n<\/div>\n\n<div class=\"wp-block-group section-maillage has-global-padding is-layout-constrained wp-container-core-group-is-layout-2c980eda wp-block-group-is-layout-constrained\" style=\"margin-top:0px;margin-bottom:0px;padding-top:4rem;padding-right:10rem;padding-bottom:4rem;padding-left:10rem\">\n<div class=\"wp-block-group title has-global-padding is-layout-constrained wp-container-core-group-is-layout-e56551e0 wp-block-group-is-layout-constrained\" style=\"padding-right:0rem;padding-left:0rem\">\n<p class=\"has-text-align-center has-custom-color-2-color has-text-color has-link-color has-advent-pro-font-family has-gotham-rounded-font-family wp-elements-18 wp-block-paragraph\" style=\"margin-top:0px;margin-bottom:0px;font-size:clamp(1.512rem, 1.512rem + ((1vw - 0.2rem) * 1.68), 2.52rem);font-style:normal;font-weight:400;line-height:1;text-transform:uppercase\">Entdecken Sie unser<\/p>\n\n\n\n<p class=\"has-text-align-center has-custom-color-1-color has-text-color has-link-color has-advent-pro-font-family has-gotham-rounded-font-family wp-elements-19 wp-block-paragraph\" style=\"margin-top:0px;margin-bottom:0px;font-size:clamp(2.2rem, 2.2rem + ((1vw - 0.2rem) * 3), 4rem);font-style:normal;font-weight:700;line-height:1;text-transform:uppercase\">Campingplatz in der Vend\u00e9e<\/p>\n<\/div>\n\n\n\n<div data-swiper=\"{&quot;speed&quot;:400,&quot;spaceBetween&quot;:16,&quot;slidesPerView&quot;:3,&quot;createElements&quot;:true,&quot;loop&quot;:true,&quot;freemode&quot;:true,&quot;navigation&quot;:{&quot;nextEl&quot;:&quot;buttonNext&quot;,&quot;prevEl&quot;:&quot;buttonPrev&quot;},&quot;pagination&quot;:{&quot;el&quot;:&quot;.swiper-pagination&quot;,&quot;dynamicBullets&quot;:true},&quot;breakpoints&quot;:{&quot;0&quot;:{&quot;slidesPerView&quot;:1},&quot;1024&quot;:{&quot;slidesPerView&quot;:3}},&quot;autoplay&quot;:{&quot;delay&quot;:3000}}\" data-wp-context=\"{}\" data-wp-interactive=\"core\/query\" data-wp-key=\"0\" data-wp-router-region=\"query-0\" class=\"wp-block-query alignwide gt-fse-maillage-query gt-is-slider gt-is-slider-desktop is-layout-flow wp-block-query-is-layout-flow\"><ul class=\"columns-3 wp-block-post-template is-layout-grid wp-container-core-post-template-is-layout-df04f24e wp-block-post-template-is-layout-grid\"><li data-wp-key=\"post-template-item-2650\" class=\"wp-block-post post-2650 page type-page status-publish has-post-thumbnail hentry\">\n<a href=\"https:\/\/orgatte.geek-tonic.dev\/de\/stellplatz-mieten-notre-dame-de-monts\/\"    class=\"wp-block-tiptip-hyperlink-group-block\" >\n<div style=\"background-image:url(https:\/\/orgatte.geek-tonic.dev\/wp-content\/uploads\/2026\/07\/location-emplacement-notre-dame-de-monts-vendee-cta.jpg);background-size:cover;background-position:50% 50%;\" data-maillage-alt=\"Stellplatz Mieten in Notre-Dame-des-Monts, Vend\u00e9e\" data-maillage-src=\"https:\/\/orgatte.geek-tonic.dev\/wp-content\/uploads\/2026\/07\/location-emplacement-notre-dame-de-monts-vendee-cta.jpg\" data-swiper=\"{&quot;speed&quot;:1000,&quot;autoplay&quot;:{&quot;delay&quot;:5000,&quot;disableOnInteraction&quot;:false},&quot;spaceBetween&quot;:0,&quot;slidesPerView&quot;:1,&quot;pagination&quot;:{&quot;el&quot;:&quot;.swiper-pagination&quot;,&quot;dynamicBullets&quot;:true,&quot;clickable&quot;:true,&quot;type&quot;:&quot;bullets&quot;},&quot;navigation&quot;:{&quot;nextEl&quot;:&quot;.swiper-button-next&quot;,&quot;prevEl&quot;:&quot;.swiper-button-prev&quot;},&quot;breakpoints&quot;:[{&quot;slidesPerView&quot;:1}]}\" class=\"wp-block-cover is-light gt-use-post-maillage-meta gt-has-maillage-image\"><span aria-hidden=\"true\" class=\"wp-block-cover__background has-black-background-color has-background-dim-10 has-background-dim\"><\/span><div class=\"wp-block-cover__inner-container has-global-padding is-layout-constrained wp-block-cover-is-layout-constrained\">\n<p class=\"has-text-align-center has-base-2-color has-text-color has-link-color has-large-font-size wp-elements-20 wp-block-paragraph\">Die Stellpl\u00e4tze<\/p>\n<\/div><\/div>\n<\/a>\n<\/li><li data-wp-key=\"post-template-item-2670\" class=\"wp-block-post post-2670 page type-page status-publish has-post-thumbnail hentry\">\n<a href=\"https:\/\/orgatte.geek-tonic.dev\/de\/guenstiger-campingplatz-notre-dame-de-monts\/\"    class=\"wp-block-tiptip-hyperlink-group-block\" >\n<div style=\"background-image:url(https:\/\/orgatte.geek-tonic.dev\/wp-content\/uploads\/2026\/07\/camping-pas-cher-notre-dame-de-monts-vendee-cta.jpg);background-size:cover;background-position:50% 50%;\" data-maillage-alt=\"G\u00fcnstiger Campingplatz in Notre-Dame-des-Monts in der Vend\u00e9e\" data-maillage-src=\"https:\/\/orgatte.geek-tonic.dev\/wp-content\/uploads\/2026\/07\/camping-pas-cher-notre-dame-de-monts-vendee-cta.jpg\" data-swiper=\"{&quot;speed&quot;:1000,&quot;autoplay&quot;:{&quot;delay&quot;:5000,&quot;disableOnInteraction&quot;:false},&quot;spaceBetween&quot;:0,&quot;slidesPerView&quot;:1,&quot;pagination&quot;:{&quot;el&quot;:&quot;.swiper-pagination&quot;,&quot;dynamicBullets&quot;:true,&quot;clickable&quot;:true,&quot;type&quot;:&quot;bullets&quot;},&quot;navigation&quot;:{&quot;nextEl&quot;:&quot;.swiper-button-next&quot;,&quot;prevEl&quot;:&quot;.swiper-button-prev&quot;},&quot;breakpoints&quot;:[{&quot;slidesPerView&quot;:1}]}\" class=\"wp-block-cover is-light gt-use-post-maillage-meta gt-has-maillage-image\"><span aria-hidden=\"true\" class=\"wp-block-cover__background has-black-background-color has-background-dim-10 has-background-dim\"><\/span><div class=\"wp-block-cover__inner-container has-global-padding is-layout-constrained wp-block-cover-is-layout-constrained\">\n<p class=\"has-text-align-center has-base-2-color has-text-color has-link-color has-large-font-size wp-elements-22 wp-block-paragraph\">Die Preise<\/p>\n<\/div><\/div>\n<\/a>\n<\/li><li data-wp-key=\"post-template-item-2701\" class=\"wp-block-post post-2701 page type-page status-publish has-post-thumbnail hentry\">\n<a href=\"https:\/\/orgatte.geek-tonic.dev\/de\/familiencamping-notre-dame-de-monts\/\"    class=\"wp-block-tiptip-hyperlink-group-block\" >\n<div style=\"background-image:url(https:\/\/orgatte.geek-tonic.dev\/wp-content\/uploads\/2026\/07\/orgatte-camping-familial-notre-dame-de-monts-cta.jpg);background-size:cover;background-position:50% 50%;\" data-maillage-alt=\"Familiencamping \u201eOrgate\u201c in Notre-Dame-de-Monts\" data-maillage-src=\"https:\/\/orgatte.geek-tonic.dev\/wp-content\/uploads\/2026\/07\/orgatte-camping-familial-notre-dame-de-monts-cta.jpg\" data-swiper=\"{&quot;speed&quot;:1000,&quot;autoplay&quot;:{&quot;delay&quot;:5000,&quot;disableOnInteraction&quot;:false},&quot;spaceBetween&quot;:0,&quot;slidesPerView&quot;:1,&quot;pagination&quot;:{&quot;el&quot;:&quot;.swiper-pagination&quot;,&quot;dynamicBullets&quot;:true,&quot;clickable&quot;:true,&quot;type&quot;:&quot;bullets&quot;},&quot;navigation&quot;:{&quot;nextEl&quot;:&quot;.swiper-button-next&quot;,&quot;prevEl&quot;:&quot;.swiper-button-prev&quot;},&quot;breakpoints&quot;:[{&quot;slidesPerView&quot;:1}]}\" class=\"wp-block-cover is-light gt-use-post-maillage-meta gt-has-maillage-image\"><span aria-hidden=\"true\" class=\"wp-block-cover__background has-black-background-color has-background-dim-10 has-background-dim\"><\/span><div class=\"wp-block-cover__inner-container has-global-padding is-layout-constrained wp-block-cover-is-layout-constrained\">\n<p class=\"has-text-align-center has-base-2-color has-text-color has-link-color has-large-font-size wp-elements-24 wp-block-paragraph\">Die Dienstleistungen<\/p>\n<\/div><\/div>\n<\/a>\n<\/li><\/ul><\/div>\n<\/div>\n","protected":false},"excerpt":{"rendered":"<p>das Gl\u00fcck vom Meer Campingplatz am Meer in Notre-Dame-de-Monts Lust auf einen Urlaub mit den F\u00fc\u00dfen im Sand? Der Campingplatz L&#8217;Orgatte in der Vend\u00e9e liegt nur 400 Meter vom Strand von La Braie entfernt. Hier ist der Atlantik fast zum Greifen nah. Jeden Morgen vermischt sich das Rauschen der Wellen mit dem Rascheln des Windes [&hellip;]<\/p>\n","protected":false},"author":1,"featured_media":3066,"parent":0,"menu_order":0,"comment_status":"closed","ping_status":"closed","template":"","meta":{"_seopress_titles_title":"Campingplatz am Meer in Notre-Dame-de-Monts | Str\u00e4nde in der Vend\u00e9e","_seopress_titles_desc":"Campingplatz am Meer in der Vend\u00e9e: \u201eL\u2019Orgatte\u201c liegt 400 m vom Strand \u201eLa Braie\u201c in Notre-Dame-de-Monts entfernt. Zugang durch den Wald, Wassersportzentrum in 10 Minuten Entfernung.","_seopress_robots_index":"","_seopress_robots_follow":"","_seopress_robots_imageindex":"","_seopress_robots_snippet":"","_seopress_robots_primary_cat":"","_seopress_robots_breadcrumbs":"Str\u00e4nde und Wassersportaktivit\u00e4ten in der Vend\u00e9e","_seopress_robots_freeze_modified_date":"","_seopress_robots_custom_modified_date":"","_seopress_robots_canonical":"","_seopress_social_fb_title":"","_seopress_social_fb_desc":"","_seopress_social_fb_img":"","_seopress_social_fb_img_attachment_id":0,"_seopress_social_fb_img_width":0,"_seopress_social_fb_img_height":0,"_seopress_social_twitter_title":"","_seopress_social_twitter_desc":"","_seopress_social_twitter_img":"","_seopress_social_twitter_img_attachment_id":0,"_seopress_social_twitter_img_width":0,"_seopress_social_twitter_img_height":0,"_seopress_redirections_value":"","_seopress_redirections_enabled":"","_seopress_redirections_enabled_regex":"","_seopress_redirections_logged_status":"beides","_seopress_redirections_param":"","_seopress_redirections_type":301,"_seopress_analysis_target_kw":"","_gt_thelis_global_id":"","_gt_thelis_id_group":false,"inline_featured_image":false,"gt_fse_maillage_image":"https:\/\/orgatte.geek-tonic.dev\/wp-content\/uploads\/2026\/07\/camping-orgatte-bord-mer-notre-dame-de-monts-cta.jpg","gt_fse_maillage_titre":"Am Meer","gt_fse_maillage_alt":"Campingplatz Orgatte am Meer in Notre-Dame-de-Monts","gt_fse_maillage_resume":"","footnotes":""},"categories":[],"tags":[],"class_list":["post-2666","page","type-page","status-publish","has-post-thumbnail","hentry"],"_links":{"self":[{"href":"https:\/\/orgatte.geek-tonic.dev\/de\/wp-json\/wp\/v2\/pages\/2666","targetHints":{"allow":["GET"]}}],"collection":[{"href":"https:\/\/orgatte.geek-tonic.dev\/de\/wp-json\/wp\/v2\/pages"}],"about":[{"href":"https:\/\/orgatte.geek-tonic.dev\/de\/wp-json\/wp\/v2\/types\/page"}],"author":[{"embeddable":true,"href":"https:\/\/orgatte.geek-tonic.dev\/de\/wp-json\/wp\/v2\/users\/1"}],"replies":[{"embeddable":true,"href":"https:\/\/orgatte.geek-tonic.dev\/de\/wp-json\/wp\/v2\/comments?post=2666"}],"version-history":[{"count":4,"href":"https:\/\/orgatte.geek-tonic.dev\/de\/wp-json\/wp\/v2\/pages\/2666\/revisions"}],"predecessor-version":[{"id":3223,"href":"https:\/\/orgatte.geek-tonic.dev\/de\/wp-json\/wp\/v2\/pages\/2666\/revisions\/3223"}],"wp:featuredmedia":[{"embeddable":true,"href":"https:\/\/orgatte.geek-tonic.dev\/de\/wp-json\/wp\/v2\/media\/3066"}],"wp:attachment":[{"href":"https:\/\/orgatte.geek-tonic.dev\/de\/wp-json\/wp\/v2\/media?parent=2666"}],"wp:term":[{"taxonomy":"category","embeddable":true,"href":"https:\/\/orgatte.geek-tonic.dev\/de\/wp-json\/wp\/v2\/categories?post=2666"},{"taxonomy":"post_tag","embeddable":true,"href":"https:\/\/orgatte.geek-tonic.dev\/de\/wp-json\/wp\/v2\/tags?post=2666"}],"curies":[{"name":"wp","href":"https:\/\/api.w.org\/{rel}","templated":true}]}}