{"id":2670,"date":"2025-11-10T17:40:25","date_gmt":"2025-11-10T16:40:25","guid":{"rendered":"https:\/\/orgatte.geek-tonic.dev\/guenstiger-campingplatz-notre-dame-de-monts\/"},"modified":"2026-07-30T10:42:44","modified_gmt":"2026-07-30T08:42:44","slug":"guenstiger-campingplatz-notre-dame-de-monts","status":"publish","type":"page","link":"https:\/\/orgatte.geek-tonic.dev\/de\/guenstiger-campingplatz-notre-dame-de-monts\/","title":{"rendered":"Die Preise"},"content":{"rendered":"\n<div class=\"wp-block-group group-title-banner has-global-padding is-layout-constrained wp-block-group-is-layout-constrained\">\n<p class=\"card-loc wp-block-paragraph\">die Vend\u00e9e<\/p>\n\n\n\n<p class=\"title wp-block-paragraph\">zu einem g\u00fcnstigen Preis<\/p>\n<\/div>\n\n<div class=\"wp-block-group section-1 three-slides has-global-padding is-layout-constrained wp-container-core-group-is-layout-cb879c7c wp-block-group-is-layout-constrained\" style=\"padding-top:4rem;padding-right:10rem;padding-bottom:0rem;padding-left:10rem\">\n<div class=\"wp-block-group content has-global-padding is-layout-constrained wp-container-core-group-is-layout-8a16f700 wp-block-group-is-layout-constrained\" style=\"padding-right:10rem;padding-left:10rem\">\n<h1 class=\"wp-block-heading has-text-align-center has-custom-color-2-color has-text-color has-link-color wp-elements-1\"><strong>Guenstiger Campingplatz<\/strong> <br\/>in Notre-Dame-de-Monts<\/h1>\n\n\n\n<p class=\"wp-block-paragraph\" style=\"padding-right:0rem;padding-left:0rem\">Eine au\u00dfergew\u00f6hnliche Naturlandschaft genie\u00dfen, nur einen Katzensprung vom Meer entfernt und im Herzen des Waldes der Vend\u00e9e \u2013 und das, ohne sich finanziell zu ruinieren? Genau das bietet der <a href=\"https:\/\/orgatte.geek-tonic.dev\/de\/\">Campingplatz in der Vend\u00e9e<\/a>. Als st\u00e4dtischer 2-Sterne-Campingplatz setzt \u201eL\u2019Orgatte\u201c seit 1968 auf einen f\u00fcr alle zug\u00e4nglichen Tourismus: <strong>g\u00fcnstige Preise<\/strong>, hohe Lebensqualit\u00e4t. Hier gibt es keine luxuri\u00f6sen Mietunterk\u00fcnfte, die die Preise in die H\u00f6he treiben: ausschlie\u00dflich <a href=\"https:\/\/orgatte.geek-tonic.dev\/de\/stellplatz-mieten-notre-dame-de-monts\/\">Stellpl\u00e4tze f\u00fcr Zelte, Wohnwagen und Wohnmobile in Notre-Dame-de-Monts<\/a> \u2013 f\u00fcr einen Natururlaub mit <strong>dem besten Preis-Leistungs-Verh\u00e4ltnis<\/strong>.   <\/p>\n\n\n\n<div class=\"wp-block-buttons is-content-justification-center is-layout-flex wp-container-core-buttons-is-layout-0aa01211 wp-block-buttons-is-layout-flex\">\n<div class=\"wp-block-button btn-1\"><a class=\"wp-block-button__link has-custom-color-6-background-color has-background has-advent-pro-font-family has-custom-font-size wp-element-button\" href=\"https:\/\/orgatte.geek-tonic.dev\/wp-content\/uploads\/2026\/06\/tarifs-2026.pdf\" style=\"border-radius:100px;font-size:clamp(0.918rem, 0.918rem + ((1vw - 0.2rem) * 0.77), 1.38rem);text-transform:uppercase\" target=\"_blank\" rel=\"noreferrer noopener nofollow\"><img decoding=\"async\" src=\"https:\/\/orgatte.geek-tonic.dev\/wp-content\/uploads\/2026\/05\/Rectangle-4.svg\" alt=\"Rechteck\"\/>Sehen Sie sich unsere PREISE an<img decoding=\"async\" src=\"https:\/\/orgatte.geek-tonic.dev\/wp-content\/uploads\/2026\/05\/Rectangle-4.svg\" alt=\"Rechteck\"\/><\/a><\/div>\n<\/div>\n<\/div>\n\n\n\n<div class=\"wp-block-group slider-img has-global-padding is-layout-constrained wp-container-core-group-is-layout-7f865aeb wp-block-group-is-layout-constrained\" style=\"margin-top:0px;margin-bottom:0px;padding-top:12rem;padding-bottom:6rem\">\n<figure class=\"wp-block-image size-large is-resized arrow-prev-slider\"><img loading=\"lazy\" decoding=\"async\" width=\"36\" height=\"36\" src=\"https:\/\/orgatte.geek-tonic.dev\/wp-content\/uploads\/2026\/05\/fleche-vers-la-gauche.svg\" alt=\"Pfeil nach links\" class=\"wp-image-1801\" style=\"object-fit:contain;width:40px;height:40px\"\/><\/figure>\n\n\n\n<figure class=\"wp-block-image size-large is-resized arrow-next-slider\"><img loading=\"lazy\" decoding=\"async\" width=\"36\" height=\"36\" src=\"https:\/\/orgatte.geek-tonic.dev\/wp-content\/uploads\/2026\/05\/fleche-vers-la-gauche.svg\" alt=\"Pfeil nach links\" class=\"wp-image-1801\" style=\"object-fit:contain;width:40px;height:40px\"\/><\/figure>\n\n\n\n<div data-swiper=\"{&quot;speed&quot;:400,&quot;spaceBetween&quot;:0,&quot;slidesPerView&quot;:3,&quot;createElements&quot;:true,&quot;loop&quot;:true,&quot;freemode&quot;:true,&quot;navigation&quot;:{&quot;nextEl&quot;:&quot;.arrow-next-slider&quot;,&quot;prevEl&quot;:&quot;.arrow-prev-slider&quot;},&quot;pagination&quot;:{&quot;el&quot;:&quot;.swiper-pagination&quot;,&quot;dynamicBullets&quot;:true},&quot;breakpoints&quot;:{&quot;0&quot;:{&quot;slidesPerView&quot;:1},&quot;768&quot;:{&quot;slidesPerView&quot;:3},&quot;1024&quot;:{&quot;slidesPerView&quot;:3}},&quot;autoplay&quot;:{&quot;delay&quot;:5000}}\" class=\"wp-block-group gt-is-slider gt-is-slider-desktop has-global-padding is-layout-constrained wp-container-core-group-is-layout-6b3b7742 wp-block-group-is-layout-constrained\">\n<figure class=\"wp-block-image size-full has-custom-border\"><img loading=\"lazy\" decoding=\"async\" width=\"740\" height=\"803\" src=\"https:\/\/orgatte.geek-tonic.dev\/wp-content\/uploads\/2026\/07\/vacances-nature-au-meilleur-rapport-qualite-prix-en-vendee.jpg\" alt=\"Natururlaub mit dem besten Preis-Leistungs-Verh&#xE4;ltnis in der Vend&#xE9;e\" class=\"wp-image-3093\" style=\"border-radius:10px;object-fit:cover\"\/><\/figure>\n\n\n\n<figure class=\"wp-block-image size-full has-custom-border\" style=\"margin-top:0px;margin-bottom:0px\"><img loading=\"lazy\" decoding=\"async\" width=\"740\" height=\"803\" src=\"https:\/\/orgatte.geek-tonic.dev\/wp-content\/uploads\/2026\/07\/emplacements-au-coeur-de-la-foret-vendeenne.jpg\" alt=\"Stellpl&#xE4;tze im Herzen des Waldes von Vend&#xE9;e\" class=\"wp-image-3094\" style=\"border-radius:10px\"\/><\/figure>\n\n\n\n<figure class=\"wp-block-image size-full has-custom-border\" style=\"margin-top:0px;margin-bottom:0px\"><img loading=\"lazy\" decoding=\"async\" width=\"740\" height=\"803\" src=\"https:\/\/orgatte.geek-tonic.dev\/wp-content\/uploads\/2026\/07\/orgatte-camping-pas-cher-a-notre-dame-de-monts.jpg\" alt=\"G&#xFC;nstiger Campingplatz in Orgate bei Notre-Dame-des-Monts\" class=\"wp-image-3095\" style=\"border-radius:10px\"\/><\/figure>\n\n\n\n<figure class=\"wp-block-image size-full has-custom-border\" style=\"margin-top:0px;margin-bottom:0px\"><img loading=\"lazy\" decoding=\"async\" width=\"740\" height=\"803\" src=\"https:\/\/orgatte.geek-tonic.dev\/wp-content\/uploads\/2026\/07\/emplacements-camping-a-petit-prix.jpg\" alt=\"Stellpl&#xE4;tze zum g&#xFC;nstigen Preis\" class=\"wp-image-3096\" style=\"border-radius:10px\"\/><\/figure>\n<\/div>\n<\/div>\n<\/div>\n\n<div class=\"wp-block-group section-3 has-custom-color-1-background-color has-background has-global-padding is-layout-constrained wp-container-core-group-is-layout-77f71c21 wp-block-group-is-layout-constrained\" style=\"margin-top:6rem;margin-bottom:0px;padding-top:6rem;padding-right:5rem;padding-bottom:6rem;padding-left:5rem;background-image:url(&apos;https:\/\/orgatte.geek-tonic.dev\/wp-content\/uploads\/2026\/05\/Frise.png&apos;);background-position:50% 50%;background-size:auto;\">\n<div class=\"wp-block-group content has-global-padding is-layout-constrained wp-container-core-group-is-layout-7f13318a wp-block-group-is-layout-constrained\" style=\"margin-top:0px;margin-bottom:0px;padding-top:0rem;padding-right:0rem;padding-bottom:4rem;padding-left:0rem\">\n<h2 class=\"wp-block-heading has-text-align-center has-custom-color-2-color has-text-color has-link-color wp-elements-2\" style=\"padding-right:5rem;padding-left:5rem\"><strong>Unterk\u00fcnfte zum besten Preis<\/strong> <br\/>f\u00fcr Ihren Familienurlaub<\/h2>\n\n\n\n<p class=\"has-base-2-color has-text-color has-link-color wp-elements-3 wp-block-paragraph\" style=\"padding-right:0rem;padding-left:0rem\">Der preisg\u00fcnstige Campingplatz \u201eL&#8217;Orgatte\u201c in der Vend\u00e9e bietet Ihnen Stellpl\u00e4tze mit einer Fl\u00e4che von <strong>80 bis 100 m\u00b2<\/strong> unter den Kiefern des Staatswaldes \u201ePays de Monts\u201c zu einem <strong>g\u00fcnstigen Preis<\/strong>, der sowohl f\u00fcr Familien als auch f\u00fcr Durchreisende erschwinglich ist. Bis zu <strong>6 Personen pro Stellplatz<\/strong>, mit oder ohne Stromanschluss, oder auf den <strong>\u201eAccueil V\u00e9lo\u201c-Stellpl\u00e4tzen<\/strong>, die speziell f\u00fcr Radtouristen vorgesehen sind. <\/p>\n\n\n\n<p class=\"has-base-2-color has-text-color has-link-color wp-elements-4 wp-block-paragraph\" style=\"padding-right:0rem;padding-left:0rem\">Im Preis f\u00fcr Ihren Aufenthalt sind enthalten:<\/p>\n\n\n\n<p class=\"has-base-2-color has-text-color has-link-color wp-elements-5 wp-block-paragraph\" style=\"padding-right:0rem;padding-left:0rem\">\u2022<strong>Der Stellplatz<\/strong> (mit oder ohne Stromanschluss, je nach gew\u00e4hltem Angebot) <br\/>\u2022 Zugang zu <strong>den Sanit\u00e4ren Einrichtungen<\/strong> (Duschen, Toiletten, Waschbecken, W\u00e4sche- und Sp\u00fclbecken)<\/p>\n\n\n\n<p class=\"has-base-2-color has-text-color has-link-color wp-elements-6 wp-block-paragraph\" style=\"padding-right:0rem;padding-left:0rem\">Um alle Besonderheiten unserer Stellpl\u00e4tze kennenzulernen, besuchen Sie bitte unsere Seite zur Stellplatz-Vermietung in Notre-Dame-de-Monts.<\/p>\n<\/div>\n\n\n\n<div class=\"wp-block-group list-services is-content-justification-space-between is-layout-flex wp-container-core-group-is-layout-f3cc39da wp-block-group-is-layout-flex\" style=\"padding-right:0rem;padding-left:0rem\">\n<div class=\"wp-block-group is-nowrap is-layout-flex wp-container-core-group-is-layout-3a88641f wp-block-group-is-layout-flex\">\n<div class=\"wp-block-group has-custom-color-2-background-color has-background has-global-padding is-layout-constrained wp-block-group-is-layout-constrained\" style=\"border-radius:100px\">\n<figure class=\"wp-block-image size-full is-resized\"><img loading=\"lazy\" decoding=\"async\" width=\"36\" height=\"26\" src=\"https:\/\/orgatte.geek-tonic.dev\/wp-content\/uploads\/2025\/11\/icon-wifi-blanc.svg\" alt=\"wei&#xDF;es WLAN-Symbol\" class=\"wp-image-781\" style=\"object-fit:contain;width:40px;height:40px\"\/><\/figure>\n<\/div>\n\n\n\n<div class=\"wp-block-group has-global-padding is-layout-constrained wp-block-group-is-layout-constrained\">\n<p class=\"has-custom-color-2-color has-text-color has-link-color wp-elements-7 wp-block-paragraph\" style=\"font-size:clamp(14.082px, 0.88rem + ((1vw - 3.2px) * 0.721), 21px);font-style:normal;font-weight:600;letter-spacing:-1px;text-transform:uppercase\">Kostenloses WLAN<\/p>\n\n\n\n<p class=\"has-base-2-color has-text-color has-link-color wp-elements-8 wp-block-paragraph\" style=\"margin-top:0px;margin-bottom:0px;font-style:normal;font-weight:300\">Leistungsstarkes WLAN auf dem gesamten Campingplatz<\/p>\n<\/div>\n<\/div>\n\n\n\n<div class=\"wp-block-group is-nowrap is-layout-flex wp-container-core-group-is-layout-3a88641f wp-block-group-is-layout-flex\">\n<div class=\"wp-block-group has-custom-color-2-background-color has-background has-global-padding is-layout-constrained wp-block-group-is-layout-constrained\" style=\"border-radius:100px\">\n<figure class=\"wp-block-image size-full is-resized\"><img decoding=\"async\" src=\"https:\/\/orgatte.geek-tonic.dev\/wp-content\/uploads\/2026\/06\/dungeon-solid-full.svg\" alt=\"Dungeon Solid Full\" class=\"wp-image-2391\" style=\"object-fit:contain;width:40px;height:40px\"\/><\/figure>\n<\/div>\n\n\n\n<div class=\"wp-block-group has-global-padding is-layout-constrained wp-block-group-is-layout-constrained\">\n<p class=\"has-custom-color-2-color has-text-color has-link-color wp-elements-9 wp-block-paragraph\" style=\"font-size:clamp(14.082px, 0.88rem + ((1vw - 3.2px) * 0.721), 21px);font-style:normal;font-weight:600;letter-spacing:-1px;text-transform:uppercase\">Infrastrukturen<\/p>\n\n\n\n<p class=\"has-base-2-color has-text-color has-link-color wp-elements-10 wp-block-paragraph\" style=\"margin-top:0px;margin-bottom:0px;font-style:normal;font-weight:300\">Der Zugang zum<strong>Spielplatz<\/strong> und zu den <strong>Sportanlagen<\/strong><\/p>\n<\/div>\n<\/div>\n\n\n\n<div class=\"wp-block-group is-nowrap is-layout-flex wp-container-core-group-is-layout-3a88641f wp-block-group-is-layout-flex\">\n<div class=\"wp-block-group has-custom-color-2-background-color has-background has-global-padding is-layout-constrained wp-block-group-is-layout-constrained\" style=\"border-radius:100px\">\n<figure class=\"wp-block-image size-full is-resized\"><img decoding=\"async\" src=\"https:\/\/orgatte.geek-tonic.dev\/wp-content\/uploads\/2026\/06\/child-reaching-solid-full.svg\" alt=\"Kind, das die Vollverpflegung erreicht\" class=\"wp-image-2392\" style=\"object-fit:contain;width:40px;height:40px\"\/><\/figure>\n<\/div>\n\n\n\n<div class=\"wp-block-group has-global-padding is-layout-constrained wp-block-group-is-layout-constrained\">\n<p class=\"has-custom-color-2-color has-text-color has-link-color wp-elements-11 wp-block-paragraph\" style=\"font-size:clamp(14.082px, 0.88rem + ((1vw - 3.2px) * 0.721), 21px);font-style:normal;font-weight:600;letter-spacing:-1px;text-transform:uppercase\">Kinderclub<\/p>\n\n\n\n<p class=\"has-base-2-color has-text-color has-link-color wp-elements-12 wp-block-paragraph\" style=\"margin-top:0px;margin-bottom:0px;font-style:normal;font-weight:300\">Der kostenlose <strong>Kinderclub<\/strong> im Juli und August (f\u00fcr <strong>Kinder<\/strong> von 5 bis 13 Jahren)<\/p>\n<\/div>\n<\/div>\n\n\n\n<div class=\"wp-block-group is-nowrap is-layout-flex wp-container-core-group-is-layout-3a88641f wp-block-group-is-layout-flex\">\n<div class=\"wp-block-group has-custom-color-2-background-color has-background has-global-padding is-layout-constrained wp-block-group-is-layout-constrained\" style=\"border-radius:100px\">\n<figure class=\"wp-block-image size-full is-resized\"><img loading=\"lazy\" decoding=\"async\" width=\"40\" height=\"40\" src=\"https:\/\/orgatte.geek-tonic.dev\/wp-content\/uploads\/2025\/11\/icon-carte-blanc.svg\" alt=\"Symbol &#x201E;Wei&#xDF;e Karte&#x201C;\" class=\"wp-image-769\" style=\"object-fit:contain;width:40px;height:40px\"\/><\/figure>\n<\/div>\n\n\n\n<div class=\"wp-block-group has-global-padding is-layout-constrained wp-block-group-is-layout-constrained\">\n<p class=\"has-custom-color-2-color has-text-color has-link-color wp-elements-13 wp-block-paragraph\" style=\"font-size:clamp(14.082px, 0.88rem + ((1vw - 3.2px) * 0.721), 21px);font-style:normal;font-weight:600;letter-spacing:-1px;text-transform:uppercase\">Veranstaltungen<\/p>\n\n\n\n<p class=\"has-base-2-color has-text-color has-link-color wp-elements-14 wp-block-paragraph\" style=\"margin-top:0px;margin-bottom:0px;font-style:normal;font-weight:300\">Die <strong>Veranstaltungen<\/strong> (P\u00e9tanque-Turnier usw.)<\/p>\n<\/div>\n<\/div>\n<\/div>\n<\/div>\n\n<div class=\"wp-block-group section-simple has-contrast-color has-base-background-color has-text-color has-background has-link-color wp-elements-15 has-global-padding is-layout-constrained wp-container-core-group-is-layout-2f14c0f5 wp-block-group-is-layout-constrained\" style=\"margin-top:0px;margin-bottom:0px;padding-top:6rem;padding-right:10rem;padding-bottom:6rem;padding-left:10rem;background-image:url(&apos;https:\/\/orgatte.geek-tonic.dev\/wp-content\/uploads\/2026\/05\/Frise.png&apos;);background-position:50% 0;background-size:auto;\">\n<div class=\"wp-block-group is-layout-flex has-contrast-color has-text-color has-link-color wp-elements-16 is-horizontal is-content-justification-center is-nowrap wp-container-core-group-is-layout-f32cfb1f wp-block-group-is-layout-flex\" style=\"margin-top:0;margin-bottom:var(--wp--preset--spacing--40)\">\n<div class=\"wp-block-group has-contrast-color has-text-color has-link-color wp-elements-17 wp-container-content-9e2f13cb is-vertical is-layout-flex wp-container-core-group-is-layout-831b2db5 wp-block-group-is-layout-flex\">\n<h2 class=\"wp-block-heading has-text-align-left has-custom-color-1-color has-text-color has-link-color wp-elements-18\" style=\"padding-right:0rem;padding-left:0rem\">Direkt buchen<\/h2>\n\n\n\n<p class=\"has-contrast-color has-text-color has-link-color wp-elements-19 wp-block-paragraph\" style=\"padding-top:0;padding-right:0rem;padding-bottom:0;padding-left:0rem\">Wie erhalten Sie den <strong>besten Preis<\/strong> f\u00fcr Ihren Aufenthalt auf dem Campingplatz L&#8217;Orgatte? Buchen Sie direkt beim Campingplatz, ohne Zwischenh\u00e4ndler. Bei einer Direktbuchung profitieren Sie von folgenden Vorteilen:  <\/p>\n\n\n\n<ul style=\"padding-left:var(--wp--preset--spacing--30)\" class=\"wp-block-list\">\n<li>Die <strong>g\u00fcnstigsten<\/strong> verf\u00fcgbaren <strong>Preise<\/strong> <\/li>\n\n\n\n<li><strong>Direkter Kontakt<\/strong> mit dem Team bei Fragen oder speziellen Anliegen<\/li>\n\n\n\n<li><strong>Flexibilit\u00e4t<\/strong> bei Ihrem Aufenthalt (Termine, Stellplatzart, besondere W\u00fcnsche)<\/li>\n<\/ul>\n\n\n\n<p class=\"has-contrast-color has-text-color has-link-color wp-elements-20 wp-block-paragraph\" style=\"padding-top:0;padding-right:0rem;padding-bottom:0;padding-left:0rem\">Es werden verschiedene Zahlungsmittel akzeptiert: <strong>Kreditkarte, Bargeld, Urlaubsschecks und ANCV Connect<\/strong>. Bei Fragen ist das Team telefonisch unter <strong>02 51 58 84 31<\/strong> oder per E-Mail unter camping.municipal@notredamedemonts.fr erreichbar. <\/p>\n\n\n\n<p class=\"has-contrast-color has-text-color has-link-color wp-elements-21 wp-block-paragraph\" style=\"padding-top:0;padding-right:0rem;padding-bottom:0;padding-left:0rem\">Sind Sie bereit, Ihren g\u00fcnstigen Campingplatz in der Vend\u00e9e zum besten Preis zu buchen? L\u2019Orgatte erwartet Sie unter den Kiefern, direkt am Atlantik! <\/p>\n<\/div>\n\n\n\n<figure class=\"wp-block-image size-full has-custom-border\"><img loading=\"lazy\" decoding=\"async\" width=\"942\" height=\"668\" src=\"https:\/\/orgatte.geek-tonic.dev\/wp-content\/uploads\/2026\/07\/reservez-en-direct-au-meilleur-prix.jpg\" alt=\"F&#xFC;hren Sie eine Reservierung direkt zum besten Preis durch\" class=\"wp-image-3097\" style=\"border-top-left-radius:20px;border-top-right-radius:20px;border-bottom-left-radius:20px;border-bottom-right-radius:20px\"\/><\/figure>\n<\/div>\n<\/div>\n\n<div class=\"wp-block-group section-maillage has-global-padding is-layout-constrained wp-container-core-group-is-layout-2c980eda wp-block-group-is-layout-constrained\" style=\"margin-top:0px;margin-bottom:0px;padding-top:4rem;padding-right:10rem;padding-bottom:4rem;padding-left:10rem\">\n<div class=\"wp-block-group title has-global-padding is-layout-constrained wp-container-core-group-is-layout-e56551e0 wp-block-group-is-layout-constrained\" style=\"padding-right:0rem;padding-left:0rem\">\n<p class=\"has-text-align-center has-custom-color-2-color has-text-color has-link-color has-advent-pro-font-family has-gotham-rounded-font-family wp-elements-22 wp-block-paragraph\" style=\"margin-top:0px;margin-bottom:0px;font-size:clamp(1.512rem, 1.512rem + ((1vw - 0.2rem) * 1.68), 2.52rem);font-style:normal;font-weight:400;line-height:1;text-transform:uppercase\">Entdecken Sie die Region<\/p>\n\n\n\n<p class=\"has-text-align-center has-custom-color-1-color has-text-color has-link-color has-advent-pro-font-family has-gotham-rounded-font-family wp-elements-23 wp-block-paragraph\" style=\"margin-top:0px;margin-bottom:0px;font-size:clamp(2.2rem, 2.2rem + ((1vw - 0.2rem) * 3), 4rem);font-style:normal;font-weight:700;line-height:1;text-transform:uppercase\">&amp; unser Campingplatz<\/p>\n<\/div>\n\n\n\n<div data-swiper=\"{&quot;speed&quot;:400,&quot;spaceBetween&quot;:16,&quot;slidesPerView&quot;:3,&quot;createElements&quot;:true,&quot;loop&quot;:true,&quot;freemode&quot;:true,&quot;navigation&quot;:{&quot;nextEl&quot;:&quot;buttonNext&quot;,&quot;prevEl&quot;:&quot;buttonPrev&quot;},&quot;pagination&quot;:{&quot;el&quot;:&quot;.swiper-pagination&quot;,&quot;dynamicBullets&quot;:true},&quot;breakpoints&quot;:{&quot;0&quot;:{&quot;slidesPerView&quot;:1},&quot;1024&quot;:{&quot;slidesPerView&quot;:3}},&quot;autoplay&quot;:{&quot;delay&quot;:3000}}\" data-wp-context=\"{}\" data-wp-interactive=\"core\/query\" data-wp-key=\"0\" data-wp-router-region=\"query-0\" class=\"wp-block-query alignwide gt-fse-maillage-query gt-is-slider gt-is-slider-desktop is-layout-flow wp-block-query-is-layout-flow\"><ul class=\"columns-3 wp-block-post-template is-layout-grid wp-container-core-post-template-is-layout-df04f24e wp-block-post-template-is-layout-grid\"><li data-wp-key=\"post-template-item-2695\" class=\"wp-block-post post-2695 page type-page status-publish has-post-thumbnail hentry\">\n<a href=\"https:\/\/orgatte.geek-tonic.dev\/de\/tourismus-notre-dame-de-monts-vendee\/\"    class=\"wp-block-tiptip-hyperlink-group-block\" >\n<div style=\"background-image:url(https:\/\/orgatte.geek-tonic.dev\/wp-content\/uploads\/2026\/06\/tourisme-notre-dame-de-monts-vendee-cta.jpg);background-size:cover;background-position:50% 50%;\" data-maillage-alt=\"Tourismus in Notre-Dame-de-Monts in der Vend\u00e9e\" data-maillage-src=\"https:\/\/orgatte.geek-tonic.dev\/wp-content\/uploads\/2026\/06\/tourisme-notre-dame-de-monts-vendee-cta.jpg\" data-swiper=\"{&quot;speed&quot;:1000,&quot;autoplay&quot;:{&quot;delay&quot;:5000,&quot;disableOnInteraction&quot;:false},&quot;spaceBetween&quot;:0,&quot;slidesPerView&quot;:1,&quot;pagination&quot;:{&quot;el&quot;:&quot;.swiper-pagination&quot;,&quot;dynamicBullets&quot;:true,&quot;clickable&quot;:true,&quot;type&quot;:&quot;bullets&quot;},&quot;navigation&quot;:{&quot;nextEl&quot;:&quot;.swiper-button-next&quot;,&quot;prevEl&quot;:&quot;.swiper-button-prev&quot;},&quot;breakpoints&quot;:[{&quot;slidesPerView&quot;:1}]}\" class=\"wp-block-cover is-light gt-use-post-maillage-meta gt-has-maillage-image\"><span aria-hidden=\"true\" class=\"wp-block-cover__background has-black-background-color has-background-dim-10 has-background-dim\"><\/span><div class=\"wp-block-cover__inner-container has-global-padding is-layout-constrained wp-block-cover-is-layout-constrained\">\n<p class=\"has-text-align-center has-base-2-color has-text-color has-link-color has-large-font-size wp-elements-24 wp-block-paragraph\">Die Besichtigungen<\/p>\n<\/div><\/div>\n<\/a>\n<\/li><li data-wp-key=\"post-template-item-2666\" class=\"wp-block-post post-2666 page type-page status-publish has-post-thumbnail hentry\">\n<a href=\"https:\/\/orgatte.geek-tonic.dev\/de\/campingplatz-am-meer-notre-dame-de-monts\/\"    class=\"wp-block-tiptip-hyperlink-group-block\" >\n<div style=\"background-image:url(https:\/\/orgatte.geek-tonic.dev\/wp-content\/uploads\/2026\/07\/camping-orgatte-bord-mer-notre-dame-de-monts-cta.jpg);background-size:cover;background-position:50% 50%;\" data-maillage-alt=\"Campingplatz Orgatte am Meer in Notre-Dame-de-Monts\" data-maillage-src=\"https:\/\/orgatte.geek-tonic.dev\/wp-content\/uploads\/2026\/07\/camping-orgatte-bord-mer-notre-dame-de-monts-cta.jpg\" data-swiper=\"{&quot;speed&quot;:1000,&quot;autoplay&quot;:{&quot;delay&quot;:5000,&quot;disableOnInteraction&quot;:false},&quot;spaceBetween&quot;:0,&quot;slidesPerView&quot;:1,&quot;pagination&quot;:{&quot;el&quot;:&quot;.swiper-pagination&quot;,&quot;dynamicBullets&quot;:true,&quot;clickable&quot;:true,&quot;type&quot;:&quot;bullets&quot;},&quot;navigation&quot;:{&quot;nextEl&quot;:&quot;.swiper-button-next&quot;,&quot;prevEl&quot;:&quot;.swiper-button-prev&quot;},&quot;breakpoints&quot;:[{&quot;slidesPerView&quot;:1}]}\" class=\"wp-block-cover is-light gt-use-post-maillage-meta gt-has-maillage-image\"><span aria-hidden=\"true\" class=\"wp-block-cover__background has-black-background-color has-background-dim-10 has-background-dim\"><\/span><div class=\"wp-block-cover__inner-container has-global-padding is-layout-constrained wp-block-cover-is-layout-constrained\">\n<p class=\"has-text-align-center has-base-2-color has-text-color has-link-color has-large-font-size wp-elements-26 wp-block-paragraph\">Am Meer<\/p>\n<\/div><\/div>\n<\/a>\n<\/li><li data-wp-key=\"post-template-item-2650\" class=\"wp-block-post post-2650 page type-page status-publish has-post-thumbnail hentry\">\n<a href=\"https:\/\/orgatte.geek-tonic.dev\/de\/stellplatz-mieten-notre-dame-de-monts\/\"    class=\"wp-block-tiptip-hyperlink-group-block\" >\n<div style=\"background-image:url(https:\/\/orgatte.geek-tonic.dev\/wp-content\/uploads\/2026\/07\/location-emplacement-notre-dame-de-monts-vendee-cta.jpg);background-size:cover;background-position:50% 50%;\" data-maillage-alt=\"Stellplatz Mieten in Notre-Dame-des-Monts, Vend\u00e9e\" data-maillage-src=\"https:\/\/orgatte.geek-tonic.dev\/wp-content\/uploads\/2026\/07\/location-emplacement-notre-dame-de-monts-vendee-cta.jpg\" data-swiper=\"{&quot;speed&quot;:1000,&quot;autoplay&quot;:{&quot;delay&quot;:5000,&quot;disableOnInteraction&quot;:false},&quot;spaceBetween&quot;:0,&quot;slidesPerView&quot;:1,&quot;pagination&quot;:{&quot;el&quot;:&quot;.swiper-pagination&quot;,&quot;dynamicBullets&quot;:true,&quot;clickable&quot;:true,&quot;type&quot;:&quot;bullets&quot;},&quot;navigation&quot;:{&quot;nextEl&quot;:&quot;.swiper-button-next&quot;,&quot;prevEl&quot;:&quot;.swiper-button-prev&quot;},&quot;breakpoints&quot;:[{&quot;slidesPerView&quot;:1}]}\" class=\"wp-block-cover is-light gt-use-post-maillage-meta gt-has-maillage-image\"><span aria-hidden=\"true\" class=\"wp-block-cover__background has-black-background-color has-background-dim-10 has-background-dim\"><\/span><div class=\"wp-block-cover__inner-container has-global-padding is-layout-constrained wp-block-cover-is-layout-constrained\">\n<p class=\"has-text-align-center has-base-2-color has-text-color has-link-color has-large-font-size wp-elements-28 wp-block-paragraph\">Die Stellpl\u00e4tze<\/p>\n<\/div><\/div>\n<\/a>\n<\/li><\/ul><\/div>\n<\/div>\n","protected":false},"excerpt":{"rendered":"<p>die Vend\u00e9e zu einem g\u00fcnstigen Preis Guenstiger Campingplatz in Notre-Dame-de-Monts Eine au\u00dfergew\u00f6hnliche Naturlandschaft genie\u00dfen, nur einen Katzensprung vom Meer entfernt und im Herzen des Waldes der Vend\u00e9e \u2013 und das, ohne sich finanziell zu ruinieren? Genau das bietet der Campingplatz in der Vend\u00e9e. Als st\u00e4dtischer 2-Sterne-Campingplatz setzt \u201eL\u2019Orgatte\u201c seit 1968 auf einen f\u00fcr alle zug\u00e4nglichen [&hellip;]<\/p>\n","protected":false},"author":1,"featured_media":3099,"parent":0,"menu_order":0,"comment_status":"closed","ping_status":"closed","template":"","meta":{"_seopress_titles_title":"G\u00fcnstiger Campingplatz in der Vend\u00e9e, in Notre-Dame-de-Monts","_seopress_titles_desc":"G\u00fcnstiger Campingplatz in der Vend\u00e9e: Entdecken Sie die Preise und Sonderangebote des Campingplatzes \u201eL'Orgatte\u201c in Notre-Dame-de-Monts. Buchen Sie direkt und sichern Sie sich den garantiert besten Preis.","_seopress_robots_index":"","_seopress_robots_follow":"","_seopress_robots_imageindex":"","_seopress_robots_snippet":"","_seopress_robots_primary_cat":"","_seopress_robots_breadcrumbs":"G\u00fcnstiger Campingplatz in der Vend\u00e9e","_seopress_robots_freeze_modified_date":"","_seopress_robots_custom_modified_date":"","_seopress_robots_canonical":"","_seopress_social_fb_title":"","_seopress_social_fb_desc":"","_seopress_social_fb_img":"","_seopress_social_fb_img_attachment_id":0,"_seopress_social_fb_img_width":0,"_seopress_social_fb_img_height":0,"_seopress_social_twitter_title":"","_seopress_social_twitter_desc":"","_seopress_social_twitter_img":"","_seopress_social_twitter_img_attachment_id":0,"_seopress_social_twitter_img_width":0,"_seopress_social_twitter_img_height":0,"_seopress_redirections_value":"","_seopress_redirections_enabled":"","_seopress_redirections_enabled_regex":"","_seopress_redirections_logged_status":"beides","_seopress_redirections_param":"","_seopress_redirections_type":301,"_seopress_analysis_target_kw":"","_gt_thelis_global_id":"","_gt_thelis_id_group":false,"inline_featured_image":false,"gt_fse_maillage_image":"https:\/\/orgatte.geek-tonic.dev\/wp-content\/uploads\/2026\/07\/camping-pas-cher-notre-dame-de-monts-vendee-cta.jpg","gt_fse_maillage_titre":"Die Preise","gt_fse_maillage_alt":"G\u00fcnstiger Campingplatz in Notre-Dame-des-Monts in der Vend\u00e9e","gt_fse_maillage_resume":"","footnotes":""},"categories":[],"tags":[],"class_list":["post-2670","page","type-page","status-publish","has-post-thumbnail","hentry"],"_links":{"self":[{"href":"https:\/\/orgatte.geek-tonic.dev\/de\/wp-json\/wp\/v2\/pages\/2670","targetHints":{"allow":["GET"]}}],"collection":[{"href":"https:\/\/orgatte.geek-tonic.dev\/de\/wp-json\/wp\/v2\/pages"}],"about":[{"href":"https:\/\/orgatte.geek-tonic.dev\/de\/wp-json\/wp\/v2\/types\/page"}],"author":[{"embeddable":true,"href":"https:\/\/orgatte.geek-tonic.dev\/de\/wp-json\/wp\/v2\/users\/1"}],"replies":[{"embeddable":true,"href":"https:\/\/orgatte.geek-tonic.dev\/de\/wp-json\/wp\/v2\/comments?post=2670"}],"version-history":[{"count":2,"href":"https:\/\/orgatte.geek-tonic.dev\/de\/wp-json\/wp\/v2\/pages\/2670\/revisions"}],"predecessor-version":[{"id":3343,"href":"https:\/\/orgatte.geek-tonic.dev\/de\/wp-json\/wp\/v2\/pages\/2670\/revisions\/3343"}],"wp:featuredmedia":[{"embeddable":true,"href":"https:\/\/orgatte.geek-tonic.dev\/de\/wp-json\/wp\/v2\/media\/3099"}],"wp:attachment":[{"href":"https:\/\/orgatte.geek-tonic.dev\/de\/wp-json\/wp\/v2\/media?parent=2670"}],"wp:term":[{"taxonomy":"category","embeddable":true,"href":"https:\/\/orgatte.geek-tonic.dev\/de\/wp-json\/wp\/v2\/categories?post=2670"},{"taxonomy":"post_tag","embeddable":true,"href":"https:\/\/orgatte.geek-tonic.dev\/de\/wp-json\/wp\/v2\/tags?post=2670"}],"curies":[{"name":"wp","href":"https:\/\/api.w.org\/{rel}","templated":true}]}}